{"id":4932,"date":"2019-10-18T12:45:42","date_gmt":"2019-10-18T12:45:42","guid":{"rendered":"https:\/\/quedaenvaldeorras.com\/camino-de-invierno\/"},"modified":"2026-03-31T13:37:23","modified_gmt":"2026-03-31T13:37:23","slug":"camino-de-invierno","status":"publish","type":"page","link":"https:\/\/quedaenvaldeorras.com\/es\/camino-de-invierno\/","title":{"rendered":"camino de invierno"},"content":{"rendered":"<p>[vc_row disable_element=\u00bbyes\u00bb row_content_width=\u00bbgrid\u00bb css=\u00bb.vc_custom_1669043285955{padding-top: 120px !important;}\u00bb][vc_column]<div class=\"mkdf-image-gallery  mkdf-ig-carousel-type mkdf-three-columns mkdf-tiny-space  \">\n\t<div class=\"mkdf-ig-slider mkdf-owl-slider\" data-number-of-items=\"3\" data-enable-loop=\"yes\" data-enable-autoplay=\"yes\" data-slider-speed=\"5000\" data-slider-speed-animation=\"600\" data-slider-padding=\"no\" data-enable-navigation=\"yes\" data-enable-pagination=\"no\">\n\t\t\t\t\t<div class=\"mkdf-ig-image\">\n\t\t\t\t\t\t\t\t\t<img loading=\"lazy\" decoding=\"async\" width=\"423\" height=\"500\" src=\"https:\/\/quedaenvaldeorras.com\/wp-content\/uploads\/2021\/06\/Foto-Camino-1.jpg\" class=\"attachment-full size-full\" alt=\"\" \/>\t\t\t\t\t\t\t<\/div>\n\t\t\t\t\t<div class=\"mkdf-ig-image\">\n\t\t\t\t\t\t\t\t\t<img loading=\"lazy\" decoding=\"async\" width=\"423\" height=\"500\" src=\"https:\/\/quedaenvaldeorras.com\/wp-content\/uploads\/2021\/06\/Foto-Camino-2.jpg\" class=\"attachment-full size-full\" alt=\"\" \/>\t\t\t\t\t\t\t<\/div>\n\t\t\t\t\t<div class=\"mkdf-ig-image\">\n\t\t\t\t\t\t\t\t\t<img loading=\"lazy\" decoding=\"async\" width=\"423\" height=\"500\" src=\"https:\/\/quedaenvaldeorras.com\/wp-content\/uploads\/2021\/06\/Foto-Camino-3.jpg\" class=\"attachment-full size-full\" alt=\"\" \/>\t\t\t\t\t\t\t<\/div>\n\t\t\t\t\t<div class=\"mkdf-ig-image\">\n\t\t\t\t\t\t\t\t\t<img loading=\"lazy\" decoding=\"async\" width=\"423\" height=\"500\" src=\"https:\/\/quedaenvaldeorras.com\/wp-content\/uploads\/2021\/06\/Foto-Camino-4.jpg\" class=\"attachment-full size-full\" alt=\"\" \/>\t\t\t\t\t\t\t<\/div>\n\t\t\t<\/div>\n<\/div>[\/vc_column][\/vc_row][vc_row row_content_width=\u00bbgrid\u00bb css=\u00bb.vc_custom_1669043544095{padding-top: 52px !important;padding-bottom: 30px !important;}\u00bb][vc_column offset=\u00bbvc_col-lg-offset-3 vc_col-lg-6 vc_col-md-offset-2 vc_col-md-8&#8243;]<div class=\"mkdf-section-title-holder   mkdf-st-highlight mkdf-center-align\" style=\"padding: 0 1%;text-align: center\">\n\t<div class=\"mkdf-st-inner\">\n\t\t            <span class=\"mkdf-st-tagline\">Un camino a Santiago alternativo<\/span>\n        \t\t\t\t\t<h2 class=\"mkdf-st-title\" >\n                            <span class=\"mkdf-st-highlight-title-holder\" style=\"color: #ecebe1\">\n                                                        <span class=\"mkdf-st-highlight-title\" style=\"color: #59815b\">Camino<\/span>\n                                                        <span class=\"mkdf-st-highlight\">\n                                                        <svg version=\"1.1\" xmlns=\"http:\/\/www.w3.org\/2000\/svg\" xmlns:xlink=\"http:\/\/www.w3.org\/1999\/xlink\" x=\"0px\" y=\"0px\" viewBox=\"0 0 15.7 30\" style=\"enable-background:new 0 0 15.7 30;\" xml:space=\"preserve\" class=\"mkdf-active-hover-left\"><polygon class=\"st0\" points=\"2.6,1 0.7,3.3 2,5.8 2.3,7.6 2.9,8.7 4.4,10.5 3.9,10.8 4.4,11.9 4.4,12.8 4.1,13.8 3.3,14.7 3.9,15.8 4.4,16.8 4,17.5 3.5,18.1 2.2,20.2 3.4,21.5 4.2,24.1 3.4,25.4 2.5,27.4 2.5,27.8 3.2,28.3 4.1,28.5 4.9,29 14.8,29 14.8,1 \"\/><\/svg>\n                                                        <span class=\"mkdf-active-hover-middle\"><\/span>\n                                                        <svg version=\"1.1\" xmlns=\"http:\/\/www.w3.org\/2000\/svg\" xmlns:xlink=\"http:\/\/www.w3.org\/1999\/xlink\" x=\"0px\" y=\"0px\" viewBox=\"0 0 13.3 30\" style=\"enable-background:new 0 0 13.3 30;\" xml:space=\"preserve\" class=\"mkdf-active-hover-right\"><polygon class=\"st0\" points=\"10,1 10.2,2.1 10.6,2.9 10.6,3.3 10.8,3.7 10.8,4.3 11,5 11,5.7 11,6.3 10.5,6.7 10.8,7.3 11,7.8 \t11.6,8.3 11.6,8.6 11.5,8.9 11.6,9.9 11.6,10.5 12.4,11.6 12.1,12 12.4,12.2 11.8,12.8 11.4,13.5 11.6,13.7 11.9,13.7 12,13.9 11.5,15.1 10.8,16 9.1,17.7 9.7,18.2 9.3,19 9.7,19.8 9.6,20.6 9.7,21.5 9.6,21.9 9.6,22.3 10.1,22.8 9.6,23.6 9.7,24 9.7,24.2 9.9,24.4 9.5,24.7 9.3,25.4 9.3,25.9 8.8,26.2 8.5,27.1 8.8,27.8 9.4,28.6 7.8,29 0.9,29 0.9,1 \"\/><\/svg>\n                                                        <\/span>\n                                                    <\/span> de invierno            \t\t\t<\/h2>\n\t\t\t\t\t\t\t<p class=\"mkdf-st-text \" style=\"font-size: 20px;line-height: 30px\">\n            \t            El Camino de Inverno o Ruta do Sil, se inicia en Ponferrada desvi\u00e1ndose del Camino Franc\u00e9s por el r\u00edo Sil para entrar en Galicia por la comarca de Valdeorras y luego continuar por la Ribeira Sacra y la comarca de Deza hasta unirse al Camino en A Laxe ( Lal\u00edn) del Suroeste.            \t\t\t<\/p>\n\t\t\t\t\t<\/div>\n<\/div>[vc_empty_space height=\u00bb22px\u00bb][vc_wp_text]<\/p>\n<div id=\"jig1\" class=\"justified-image-grid jig-c3de8ecb5681968d0897e07db9f50d45 jig-preset-global jig-source-wp-gallery\"><div class=\"jig-clearfix\"><\/div><noscript id=\"jig1-html\" class=\"justified-image-grid-html\" data-lazy-src=\"skiplazyload\" data-src=\"skipunveillazyload\"><ul><li><a href=\"https:\/\/quedaenvaldeorras.com\/wp-content\/uploads\/2022\/11\/camino-de-inverno-12.jpg\"><img loading=\"lazy\" decoding=\"async\" src=\"https:\/\/quedaenvaldeorras.com\/wp-content\/plugins\/justified-image-grid\/timthumb.php?src=https%3A%2F%2Fquedaenvaldeorras.com%2Fwp-content%2Fuploads%2F2022%2F11%2Fcamino-de-inverno-12.jpg&amp;h=110&amp;q=90&amp;f=.jpg\" alt=\"\" width=\"195\" height=\"110\" \/><\/a><\/li><li><a href=\"https:\/\/quedaenvaldeorras.com\/wp-content\/uploads\/2022\/11\/camino-de-inverno-1.jpg\"><img loading=\"lazy\" decoding=\"async\" src=\"https:\/\/quedaenvaldeorras.com\/wp-content\/plugins\/justified-image-grid\/timthumb.php?src=https%3A%2F%2Fquedaenvaldeorras.com%2Fwp-content%2Fuploads%2F2022%2F11%2Fcamino-de-inverno-1.jpg&amp;h=110&amp;q=90&amp;f=.jpg\" alt=\"\" width=\"195\" height=\"110\" \/><\/a><\/li><li><a href=\"https:\/\/quedaenvaldeorras.com\/wp-content\/uploads\/2022\/11\/camino-de-inverno-5.jpg\"><img loading=\"lazy\" decoding=\"async\" src=\"https:\/\/quedaenvaldeorras.com\/wp-content\/plugins\/justified-image-grid\/timthumb.php?src=https%3A%2F%2Fquedaenvaldeorras.com%2Fwp-content%2Fuploads%2F2022%2F11%2Fcamino-de-inverno-5.jpg&amp;h=110&amp;q=90&amp;f=.jpg\" alt=\"\" width=\"390\" height=\"110\" \/><\/a><\/li><li><a href=\"https:\/\/quedaenvaldeorras.com\/wp-content\/uploads\/2022\/11\/camino-de-inverno-8.jpg\"><img loading=\"lazy\" decoding=\"async\" src=\"https:\/\/quedaenvaldeorras.com\/wp-content\/plugins\/justified-image-grid\/timthumb.php?src=https%3A%2F%2Fquedaenvaldeorras.com%2Fwp-content%2Fuploads%2F2022%2F11%2Fcamino-de-inverno-8.jpg&amp;h=110&amp;q=90&amp;f=.jpg\" alt=\"\" width=\"243\" height=\"110\" \/><\/a><\/li><li><a href=\"https:\/\/quedaenvaldeorras.com\/wp-content\/uploads\/2022\/11\/camino-de-inverno-10.jpg\"><img loading=\"lazy\" decoding=\"async\" src=\"https:\/\/quedaenvaldeorras.com\/wp-content\/plugins\/justified-image-grid\/timthumb.php?src=https%3A%2F%2Fquedaenvaldeorras.com%2Fwp-content%2Fuploads%2F2022%2F11%2Fcamino-de-inverno-10.jpg&amp;h=110&amp;q=90&amp;f=.jpg\" alt=\"\" width=\"195\" height=\"110\" \/><\/a><\/li><li><a href=\"https:\/\/quedaenvaldeorras.com\/wp-content\/uploads\/2022\/11\/camino-de-inverno-2.jpg\"><img loading=\"lazy\" decoding=\"async\" src=\"https:\/\/quedaenvaldeorras.com\/wp-content\/plugins\/justified-image-grid\/timthumb.php?src=https%3A%2F%2Fquedaenvaldeorras.com%2Fwp-content%2Fuploads%2F2022%2F11%2Fcamino-de-inverno-2.jpg&amp;h=110&amp;q=90&amp;f=.jpg\" alt=\"\" width=\"165\" height=\"110\" \/><\/a><\/li><li><a href=\"https:\/\/quedaenvaldeorras.com\/wp-content\/uploads\/2022\/11\/camino-de-inverno-14.jpg\"><img loading=\"lazy\" decoding=\"async\" src=\"https:\/\/quedaenvaldeorras.com\/wp-content\/plugins\/justified-image-grid\/timthumb.php?src=https%3A%2F%2Fquedaenvaldeorras.com%2Fwp-content%2Fuploads%2F2022%2F11%2Fcamino-de-inverno-14.jpg&amp;h=110&amp;q=90&amp;f=.jpg\" alt=\"\" width=\"196\" height=\"110\" \/><\/a><\/li><li><a href=\"https:\/\/quedaenvaldeorras.com\/wp-content\/uploads\/2022\/11\/camino-de-inverno-3.jpg\"><img loading=\"lazy\" decoding=\"async\" src=\"https:\/\/quedaenvaldeorras.com\/wp-content\/plugins\/justified-image-grid\/timthumb.php?src=https%3A%2F%2Fquedaenvaldeorras.com%2Fwp-content%2Fuploads%2F2022%2F11%2Fcamino-de-inverno-3.jpg&amp;h=110&amp;q=90&amp;f=.jpg\" alt=\"\" width=\"146\" height=\"110\" \/><\/a><\/li><li><a href=\"https:\/\/quedaenvaldeorras.com\/wp-content\/uploads\/2022\/11\/camino-de-inverno-4.jpg\"><img loading=\"lazy\" decoding=\"async\" src=\"https:\/\/quedaenvaldeorras.com\/wp-content\/plugins\/justified-image-grid\/timthumb.php?src=https%3A%2F%2Fquedaenvaldeorras.com%2Fwp-content%2Fuploads%2F2022%2F11%2Fcamino-de-inverno-4.jpg&amp;h=110&amp;q=90&amp;f=.jpg\" alt=\"\" width=\"141\" height=\"110\" \/><\/a><\/li><li><a href=\"https:\/\/quedaenvaldeorras.com\/wp-content\/uploads\/2022\/11\/camino-de-inverno-7.jpg\"><img loading=\"lazy\" decoding=\"async\" src=\"https:\/\/quedaenvaldeorras.com\/wp-content\/plugins\/justified-image-grid\/timthumb.php?src=https%3A%2F%2Fquedaenvaldeorras.com%2Fwp-content%2Fuploads%2F2022%2F11%2Fcamino-de-inverno-7.jpg&amp;h=110&amp;q=90&amp;f=.jpg\" alt=\"\" width=\"243\" height=\"110\" \/><\/a><\/li><li><a href=\"https:\/\/quedaenvaldeorras.com\/wp-content\/uploads\/2022\/11\/camino-de-inverno-13.jpg\"><img loading=\"lazy\" decoding=\"async\" src=\"https:\/\/quedaenvaldeorras.com\/wp-content\/plugins\/justified-image-grid\/timthumb.php?src=https%3A%2F%2Fquedaenvaldeorras.com%2Fwp-content%2Fuploads%2F2022%2F11%2Fcamino-de-inverno-13.jpg&amp;h=110&amp;q=90&amp;f=.jpg\" alt=\"\" width=\"243\" height=\"110\" \/><\/a><\/li><li><a href=\"https:\/\/quedaenvaldeorras.com\/wp-content\/uploads\/2022\/11\/camino-de-inverno-6.jpg\"><img loading=\"lazy\" decoding=\"async\" src=\"https:\/\/quedaenvaldeorras.com\/wp-content\/plugins\/justified-image-grid\/timthumb.php?src=https%3A%2F%2Fquedaenvaldeorras.com%2Fwp-content%2Fuploads%2F2022%2F11%2Fcamino-de-inverno-6.jpg&amp;h=110&amp;q=90&amp;f=.jpg\" alt=\"\" width=\"243\" height=\"110\" \/><\/a><\/li><li><a href=\"https:\/\/quedaenvaldeorras.com\/wp-content\/uploads\/2022\/11\/camino-de-inverno-11.jpg\"><img loading=\"lazy\" decoding=\"async\" src=\"https:\/\/quedaenvaldeorras.com\/wp-content\/plugins\/justified-image-grid\/timthumb.php?src=https%3A%2F%2Fquedaenvaldeorras.com%2Fwp-content%2Fuploads%2F2022%2F11%2Fcamino-de-inverno-11.jpg&amp;h=110&amp;q=90&amp;f=.jpg\" alt=\"\" width=\"400\" height=\"110\" \/><\/a><\/li><li><a href=\"https:\/\/quedaenvaldeorras.com\/wp-content\/uploads\/2022\/11\/camino-de-inverno-9.jpg\"><img loading=\"lazy\" decoding=\"async\" src=\"https:\/\/quedaenvaldeorras.com\/wp-content\/plugins\/justified-image-grid\/timthumb.php?src=https%3A%2F%2Fquedaenvaldeorras.com%2Fwp-content%2Fuploads%2F2022%2F11%2Fcamino-de-inverno-9.jpg&amp;h=110&amp;q=90&amp;f=.jpg\" alt=\"\" width=\"61\" height=\"110\" \/><\/a><\/li><\/ul><\/noscript><\/div>\n<p>[\/vc_wp_text][vc_raw_html]JTNDaWZyYW1lJTIwd2lkdGglM0QlMjI1NjAlMjIlMjBoZWlnaHQlM0QlMjIzMTUlMjIlMjBzcmMlM0QlMjJodHRwcyUzQSUyRiUyRnd3dy55b3V0dWJlLmNvbSUyRmVtYmVkJTJGRHhfM3paYU5lYVElMjIlMjB0aXRsZSUzRCUyMllvdVR1YmUlMjB2aWRlbyUyMHBsYXllciUyMiUyMGZyYW1lYm9yZGVyJTNEJTIyMCUyMiUyMGFsbG93JTNEJTIyYWNjZWxlcm9tZXRlciUzQiUyMGF1dG9wbGF5JTNCJTIwY2xpcGJvYXJkLXdyaXRlJTNCJTIwZW5jcnlwdGVkLW1lZGlhJTNCJTIwZ3lyb3Njb3BlJTNCJTIwcGljdHVyZS1pbi1waWN0dXJlJTNCJTIwd2ViLXNoYXJlJTIyJTIwYWxsb3dmdWxsc2NyZWVuJTNFJTNDJTJGaWZyYW1lJTNF[\/vc_raw_html][\/vc_column][\/vc_row][vc_row row_content_width=\u00bbgrid\u00bb css=\u00bb.vc_custom_1571404247973{padding-top: 30px !important;background-position: center !important;background-repeat: no-repeat !important;background-size: cover !important;}\u00bb][vc_column]<div class=\"mkdf-elements-holder   mkdf-two-columns  mkdf-responsive-mode-1024 \" ><div class=\"mkdf-eh-item    \"  data-item-class=\"mkdf-eh-custom-5778\" data-1400-1600=\"0 40px 0 0\" data-1025-1399=\"0 40px 0 0\" data-769-1024=\"0 17% 0 0\" data-681-768=\"0 32% 0 0\">\n\t<div class=\"mkdf-eh-item-inner\">\n\t\t<div class=\"mkdf-eh-item-content mkdf-eh-custom-5778\" style=\"padding: 0 70px 0 0\">\n\t\t\t<div class=\"mkdf-section-title-holder   mkdf-st-highlight\" style=\"text-align: left\">\n\t<div class=\"mkdf-st-inner\">\n\t\t            <span class=\"mkdf-st-tagline\">El Camino de Invierno a su paso por O Barco<\/span>\n        \t\t\t\t\t<h3 class=\"mkdf-st-title\" >\n                            El <span class=\"mkdf-st-highlight-title-holder\" style=\"color: #ecebe1\">\n                                                        <span class=\"mkdf-st-highlight-title\" style=\"color: #59815b\">camino<\/span>\n                                                        <span class=\"mkdf-st-highlight\">\n                                                        <svg version=\"1.1\" xmlns=\"http:\/\/www.w3.org\/2000\/svg\" xmlns:xlink=\"http:\/\/www.w3.org\/1999\/xlink\" x=\"0px\" y=\"0px\" viewBox=\"0 0 15.7 30\" style=\"enable-background:new 0 0 15.7 30;\" xml:space=\"preserve\" class=\"mkdf-active-hover-left\"><polygon class=\"st0\" points=\"2.6,1 0.7,3.3 2,5.8 2.3,7.6 2.9,8.7 4.4,10.5 3.9,10.8 4.4,11.9 4.4,12.8 4.1,13.8 3.3,14.7 3.9,15.8 4.4,16.8 4,17.5 3.5,18.1 2.2,20.2 3.4,21.5 4.2,24.1 3.4,25.4 2.5,27.4 2.5,27.8 3.2,28.3 4.1,28.5 4.9,29 14.8,29 14.8,1 \"\/><\/svg>\n                                                        <span class=\"mkdf-active-hover-middle\"><\/span>\n                                                        <svg version=\"1.1\" xmlns=\"http:\/\/www.w3.org\/2000\/svg\" xmlns:xlink=\"http:\/\/www.w3.org\/1999\/xlink\" x=\"0px\" y=\"0px\" viewBox=\"0 0 13.3 30\" style=\"enable-background:new 0 0 13.3 30;\" xml:space=\"preserve\" class=\"mkdf-active-hover-right\"><polygon class=\"st0\" points=\"10,1 10.2,2.1 10.6,2.9 10.6,3.3 10.8,3.7 10.8,4.3 11,5 11,5.7 11,6.3 10.5,6.7 10.8,7.3 11,7.8 \t11.6,8.3 11.6,8.6 11.5,8.9 11.6,9.9 11.6,10.5 12.4,11.6 12.1,12 12.4,12.2 11.8,12.8 11.4,13.5 11.6,13.7 11.9,13.7 12,13.9 11.5,15.1 10.8,16 9.1,17.7 9.7,18.2 9.3,19 9.7,19.8 9.6,20.6 9.7,21.5 9.6,21.9 9.6,22.3 10.1,22.8 9.6,23.6 9.7,24 9.7,24.2 9.9,24.4 9.5,24.7 9.3,25.4 9.3,25.9 8.8,26.2 8.5,27.1 8.8,27.8 9.4,28.6 7.8,29 0.9,29 0.9,1 \"\/><\/svg>\n                                                        <\/span>\n                                                    <\/span> junto al r\u00edo Sil            \t\t\t<\/h3>\n\t\t\t\t\t\t\t<p class=\"mkdf-st-text \" style=\"font-size: 18px;line-height: 26px\">\n            \t            Esta ruta, el Camino de Invierno, fue la alternativa que tomaron los peregrinos, sobre todo en los meses de invierno, para poder sortear los nevados del Cebreiro y Os Ancares, de dif\u00edcil acceso en \u00e9pocas de nieve.            \t\t\t<\/p>\n\t\t\t\t\t<\/div>\n<\/div><div class=\"mkdf-section-title-holder  \" style=\"text-align: left\">\n\t<div class=\"mkdf-st-inner\">\n\t\t\t\t\t\t\t\t\t<p class=\"mkdf-st-text \" style=\"font-size: 18px;line-height: 26px;margin-top: 25px\">\n            \t            Est\u00e1 documentado el paso de peregrinos por las Terras de Valdeorras e incluso el enterramiento de algunos de ellos en distintos puntos de la geograf\u00eda de Valdeorras y a lo largo de todo este camino oficializado en 2016 por la Xunta de Galicia junto a la entrada en vigor del Patrimonio Cultural Ley de Galicia.            \t\t\t<\/p>\n\t\t\t\t\t<\/div>\n<\/div>\t\t<\/div>\n\t<\/div>\n<\/div><div class=\"mkdf-eh-item    \"  data-item-class=\"mkdf-eh-custom-7838\" data-1400-1600=\"0 0 0 0\" data-1025-1399=\"0 0 0 0\" data-769-1024=\"68px 0 0 0\" data-681-768=\"68px 0 0 0\" data-680=\"68px 0 0 0\">\n\t<div class=\"mkdf-eh-item-inner\">\n\t\t<div class=\"mkdf-eh-item-content mkdf-eh-custom-7838\" style=\"padding: 0 0 0 0\">\n\t\t\t<div class=\"mkdf-single-image-holder   \">\n    <div class=\"mkdf-si-inner\" >\n                                    <img loading=\"lazy\" decoding=\"async\" width=\"750\" height=\"540\" src=\"https:\/\/quedaenvaldeorras.com\/wp-content\/uploads\/2021\/06\/Camino-inverno-O-Barco.png\" class=\"attachment-full size-full\" alt=\"\" \/>                        <\/div>\n<\/div>\t\t<\/div>\n\t<\/div>\n<\/div><\/div>[\/vc_column][\/vc_row][vc_row row_content_width=\u00bbgrid\u00bb css=\u00bb.vc_custom_1571404247973{padding-top: 30px !important;background-position: center !important;background-repeat: no-repeat !important;background-size: cover !important;}\u00bb][vc_column]<div class=\"mkdf-elements-holder   mkdf-two-columns  mkdf-responsive-mode-1024 \" ><div class=\"mkdf-eh-item    \"  data-item-class=\"mkdf-eh-custom-9534\" data-1400-1600=\"0 0 0 0\" data-1025-1399=\"0 0 0 0\" data-769-1024=\"68px 0 0 0\" data-681-768=\"68px 0 0 0\" data-680=\"68px 0 0 0\">\n\t<div class=\"mkdf-eh-item-inner\">\n\t\t<div class=\"mkdf-eh-item-content mkdf-eh-custom-9534\" style=\"padding: 0 0 0 0\">\n\t\t\t<div class=\"mkdf-single-image-holder   \">\n    <div class=\"mkdf-si-inner\" >\n                                    <img loading=\"lazy\" decoding=\"async\" width=\"736\" height=\"490\" src=\"https:\/\/quedaenvaldeorras.com\/wp-content\/uploads\/2022\/11\/camino-invierno-a-santiago.jpg\" class=\"attachment-full size-full\" alt=\"\" \/>                        <\/div>\n<\/div>\t\t<\/div>\n\t<\/div>\n<\/div><div class=\"mkdf-eh-item    \"  data-item-class=\"mkdf-eh-custom-4770\" data-1400-1600=\"0 40px 0 0\" data-1025-1399=\"0 40px 0 0\" data-769-1024=\"0 17% 0 0\" data-681-768=\"0 32% 0 0\">\n\t<div class=\"mkdf-eh-item-inner\">\n\t\t<div class=\"mkdf-eh-item-content mkdf-eh-custom-4770\" style=\"padding: 0 0px 0 70px\">\n\t\t\t<div class=\"mkdf-section-title-holder   mkdf-st-highlight\" style=\"text-align: left\">\n\t<div class=\"mkdf-st-inner\">\n\t\t\t\t\t\t\t<h3 class=\"mkdf-st-title\" >\n                            EL <span class=\"mkdf-st-highlight-title-holder\" style=\"color: #ecebe1\">\n                                                        <span class=\"mkdf-st-highlight-title\" style=\"color: #59815b\">CAMINO<\/span>\n                                                        <span class=\"mkdf-st-highlight\">\n                                                        <svg version=\"1.1\" xmlns=\"http:\/\/www.w3.org\/2000\/svg\" xmlns:xlink=\"http:\/\/www.w3.org\/1999\/xlink\" x=\"0px\" y=\"0px\" viewBox=\"0 0 15.7 30\" style=\"enable-background:new 0 0 15.7 30;\" xml:space=\"preserve\" class=\"mkdf-active-hover-left\"><polygon class=\"st0\" points=\"2.6,1 0.7,3.3 2,5.8 2.3,7.6 2.9,8.7 4.4,10.5 3.9,10.8 4.4,11.9 4.4,12.8 4.1,13.8 3.3,14.7 3.9,15.8 4.4,16.8 4,17.5 3.5,18.1 2.2,20.2 3.4,21.5 4.2,24.1 3.4,25.4 2.5,27.4 2.5,27.8 3.2,28.3 4.1,28.5 4.9,29 14.8,29 14.8,1 \"\/><\/svg>\n                                                        <span class=\"mkdf-active-hover-middle\"><\/span>\n                                                        <svg version=\"1.1\" xmlns=\"http:\/\/www.w3.org\/2000\/svg\" xmlns:xlink=\"http:\/\/www.w3.org\/1999\/xlink\" x=\"0px\" y=\"0px\" viewBox=\"0 0 13.3 30\" style=\"enable-background:new 0 0 13.3 30;\" xml:space=\"preserve\" class=\"mkdf-active-hover-right\"><polygon class=\"st0\" points=\"10,1 10.2,2.1 10.6,2.9 10.6,3.3 10.8,3.7 10.8,4.3 11,5 11,5.7 11,6.3 10.5,6.7 10.8,7.3 11,7.8 \t11.6,8.3 11.6,8.6 11.5,8.9 11.6,9.9 11.6,10.5 12.4,11.6 12.1,12 12.4,12.2 11.8,12.8 11.4,13.5 11.6,13.7 11.9,13.7 12,13.9 11.5,15.1 10.8,16 9.1,17.7 9.7,18.2 9.3,19 9.7,19.8 9.6,20.6 9.7,21.5 9.6,21.9 9.6,22.3 10.1,22.8 9.6,23.6 9.7,24 9.7,24.2 9.9,24.4 9.5,24.7 9.3,25.4 9.3,25.9 8.8,26.2 8.5,27.1 8.8,27.8 9.4,28.6 7.8,29 0.9,29 0.9,1 \"\/><\/svg>\n                                                        <\/span>\n                                                    <\/span> DE INVIERNO A SANTIAGO            \t\t\t<\/h3>\n\t\t\t\t\t\t\t<p class=\"mkdf-st-text \" style=\"font-size: 18px;line-height: 26px\">\n            \t            Este camino de Santiago es el \u00fanico que discurre por las cuatro provincias gallegas, realizando un recorrido de 210 kil\u00f3metros hasta llegar a la capital de Galicia, atravesando el territorio gallego por el Sil, cruzando despu\u00e9s la Ribeira Sacra hasta Monforte y luego el Monte Faro y el comarca do Deza hasta llegar a Santiago de Compostela.            \t\t\t<\/p>\n\t\t\t\t\t<\/div>\n<\/div><div class=\"mkdf-section-title-holder  \" style=\"text-align: left\">\n\t<div class=\"mkdf-st-inner\">\n\t\t\t\t\t\t\t\t\t<p class=\"mkdf-st-text \" style=\"font-size: 18px;line-height: 26px;margin-top: 25px\">\n            \t            Hablamos de un camino que gusta mucho a las personas que peregrinan a Santiago por sus espectaculares paisajes: Las M\u00e9dulas, los ca\u00f1ones del r\u00edo Sil en Valdeorras, los vi\u00f1edos, los casta\u00f1os, las riberas, etc., pero tambi\u00e9n por el patrimonio que se puede visitar durante el camino y sobre todo por su gente.            \t\t\t<\/p>\n\t\t\t\t\t<\/div>\n<\/div>\t\t<\/div>\n\t<\/div>\n<\/div><\/div>[\/vc_column][\/vc_row][vc_row][vc_column][vc_empty_space][vc_separator border_width=\u00bb2&#8243;][vc_empty_space][\/vc_column][\/vc_row][vc_row row_content_width=\u00bbgrid\u00bb css=\u00bb.vc_custom_1668776174279{padding-top: 30px !important;padding-bottom: 30px !important;}\u00bb][vc_column width=\u00bb2\/3&#8243;]<div class=\"mkdf-section-title-holder  \" >\n\t<div class=\"mkdf-st-inner\">\n\t\t\t\t\t\t\t<h3 class=\"mkdf-st-title\" >\n                            GRONZE            \t\t\t<\/h3>\n\t\t\t\t\t\t\t<p class=\"mkdf-st-text \" >\n            \t            Si quieres hacer la ruta de Invierno, tienes una p\u00e1gina que te guiar\u00e1 en tu ruta, explic\u00e1ndote las rutas, las dificultades que te puedes encontrar y ofreci\u00e9ndote tambi\u00e9n una gu\u00eda de alojamientos y servicios para organizar tus pernoctaciones.            \t\t\t<\/p>\n\t\t\t\t\t\t\t<div class=\"mkdf-st-button\"><a itemprop=\"url\" href=\"https:\/\/www.gronze.com\/camino-invierno\" target=\"_blank\"  class=\"mkdf-btn mkdf-btn-medium mkdf-btn-solid mkdf-btn-svg-icon\"  >    <span class=\"mkdf-btn-text\">Visitar web<\/span>\t\t\t<svg version=\"1.1\" id=\"Layer_1\" xmlns=\"http:\/\/www.w3.org\/2000\/svg\" xmlns:xlink=\"http:\/\/www.w3.org\/1999\/xlink\" x=\"0px\" y=\"0px\"\t\t     viewBox=\"0 0 17 17\" style=\"enable-background:new 0 0 17 17;\" xml:space=\"preserve\">\t\t\t<g>\t\t\t\t<path d=\"M15,1.9\"\/>\t\t\t\t<line x1=\"1.7\" y1=\"15.3\" x2=\"15\" y2=\"1.9\"\/>\t\t\t\t<line x1=\"16\" y1=\"1.9\" x2=\"15\" y2=\"1.9\"\/>\t\t\t\t<line x1=\"15\" y1=\"1.9\" x2=\"1\" y2=\"1.9\"\/>\t\t\t\t<path d=\"M15,1.9\"\/>\t\t\t\t<line x1=\"15\" y1=\"16\" x2=\"15\" y2=\"1.9\"\/>\t\t\t<\/g><\/svg>\t\t<svg version=\"1.1\" id=\"Layer_1\" xmlns=\"http:\/\/www.w3.org\/2000\/svg\" xmlns:xlink=\"http:\/\/www.w3.org\/1999\/xlink\" x=\"0px\" y=\"0px\"\t\t     viewBox=\"0 0 17 17\" style=\"enable-background:new 0 0 17 17;\" xml:space=\"preserve\">\t\t\t<g>\t\t\t\t<path d=\"M15,1.9\"\/>\t\t\t\t<line x1=\"1.7\" y1=\"15.3\" x2=\"15\" y2=\"1.9\"\/>\t\t\t\t<line  x1=\"16\" y1=\"1.9\" x2=\"15\" y2=\"1.9\"\/>\t\t\t\t<line x1=\"15\" y1=\"1.9\" x2=\"1\" y2=\"1.9\"\/>\t\t\t\t<path d=\"M15,1.9\"\/>\t\t\t\t<line x1=\"15\" y1=\"16\" x2=\"15\" y2=\"1.9\"\/>\t\t\t<\/g><\/svg>\t<\/a><\/div>\n\t\t\t<\/div>\n<\/div>[\/vc_column][vc_column width=\u00bb1\/3&#8243;]<div class=\"mkdf-single-image-holder   mkdf-image-behavior-custom-link\">\n    <div class=\"mkdf-si-inner\" >\n        \t            <a itemprop=\"url\" href=\"https:\/\/www.gronze.com\/camino-invierno\" target=\"_self\">\n                                    <img loading=\"lazy\" decoding=\"async\" width=\"512\" height=\"341\" src=\"https:\/\/quedaenvaldeorras.com\/wp-content\/uploads\/2022\/11\/gronze.gif\" class=\"attachment-full size-full\" alt=\"\" \/>                                <\/a>\n            <\/div>\n<\/div>[\/vc_column][\/vc_row][vc_row row_content_width=\u00bbgrid\u00bb css=\u00bb.vc_custom_1668776174279{padding-top: 30px !important;padding-bottom: 30px !important;}\u00bb][vc_column width=\u00bb2\/3&#8243;]<div class=\"mkdf-section-title-holder  \" >\n\t<div class=\"mkdf-st-inner\">\n\t\t\t\t\t\t\t<h3 class=\"mkdf-st-title\" >\n                            Camino Jacobeo de Invierno            \t\t\t<\/h3>\n\t\t\t\t\t\t\t<p class=\"mkdf-st-text \" >\n            \t            No olvides visitar la web del Camino Jacobeo de Invierno, en la que se incluyen los municipios por los que pasa este camino.            \t\t\t<\/p>\n\t\t\t\t\t\t\t<div class=\"mkdf-st-button\"><a itemprop=\"url\" href=\"https:\/\/www.caminodeinvierno.com\/\" target=\"_blank\"  class=\"mkdf-btn mkdf-btn-medium mkdf-btn-solid mkdf-btn-svg-icon\"  >    <span class=\"mkdf-btn-text\">Visitar web<\/span>\t\t\t<svg version=\"1.1\" id=\"Layer_1\" xmlns=\"http:\/\/www.w3.org\/2000\/svg\" xmlns:xlink=\"http:\/\/www.w3.org\/1999\/xlink\" x=\"0px\" y=\"0px\"\t\t     viewBox=\"0 0 17 17\" style=\"enable-background:new 0 0 17 17;\" xml:space=\"preserve\">\t\t\t<g>\t\t\t\t<path d=\"M15,1.9\"\/>\t\t\t\t<line x1=\"1.7\" y1=\"15.3\" x2=\"15\" y2=\"1.9\"\/>\t\t\t\t<line x1=\"16\" y1=\"1.9\" x2=\"15\" y2=\"1.9\"\/>\t\t\t\t<line x1=\"15\" y1=\"1.9\" x2=\"1\" y2=\"1.9\"\/>\t\t\t\t<path d=\"M15,1.9\"\/>\t\t\t\t<line x1=\"15\" y1=\"16\" x2=\"15\" y2=\"1.9\"\/>\t\t\t<\/g><\/svg>\t\t<svg version=\"1.1\" id=\"Layer_1\" xmlns=\"http:\/\/www.w3.org\/2000\/svg\" xmlns:xlink=\"http:\/\/www.w3.org\/1999\/xlink\" x=\"0px\" y=\"0px\"\t\t     viewBox=\"0 0 17 17\" style=\"enable-background:new 0 0 17 17;\" xml:space=\"preserve\">\t\t\t<g>\t\t\t\t<path d=\"M15,1.9\"\/>\t\t\t\t<line x1=\"1.7\" y1=\"15.3\" x2=\"15\" y2=\"1.9\"\/>\t\t\t\t<line  x1=\"16\" y1=\"1.9\" x2=\"15\" y2=\"1.9\"\/>\t\t\t\t<line x1=\"15\" y1=\"1.9\" x2=\"1\" y2=\"1.9\"\/>\t\t\t\t<path d=\"M15,1.9\"\/>\t\t\t\t<line x1=\"15\" y1=\"16\" x2=\"15\" y2=\"1.9\"\/>\t\t\t<\/g><\/svg>\t<\/a><\/div>\n\t\t\t<\/div>\n<\/div>[\/vc_column][vc_column width=\u00bb1\/3&#8243;]<div class=\"mkdf-single-image-holder   mkdf-image-behavior-custom-link\">\n    <div class=\"mkdf-si-inner\" >\n        \t            <a itemprop=\"url\" href=\"https:\/\/www.caminodeinvierno.com\/\" target=\"_self\">\n                                    <img loading=\"lazy\" decoding=\"async\" width=\"512\" height=\"341\" src=\"https:\/\/quedaenvaldeorras.com\/wp-content\/uploads\/2022\/11\/camino-invierno.jpg\" class=\"attachment-full size-full\" alt=\"\" \/>                                <\/a>\n            <\/div>\n<\/div>[\/vc_column][\/vc_row][vc_row row_content_width=\u00bbgrid\u00bb css=\u00bb.vc_custom_1668776174279{padding-top: 30px !important;padding-bottom: 30px !important;}\u00bb][vc_column width=\u00bb2\/3&#8243;]<div class=\"mkdf-section-title-holder  \" >\n\t<div class=\"mkdf-st-inner\">\n\t\t\t\t\t\t\t<h3 class=\"mkdf-st-title\" >\n                            XUNTA DE GALICIA            \t\t\t<\/h3>\n\t\t\t\t\t\t\t<p class=\"mkdf-st-text \" >\n            \t            La Xunta de Galicia tambi\u00e9n dispone de un tramo espec\u00edfico para este camino.            \t\t\t<\/p>\n\t\t\t\t\t\t\t<div class=\"mkdf-st-button\"><a itemprop=\"url\" href=\"https:\/\/www.caminodesantiago.gal\/es\/planifica\/las-rutas\/camino-de-inverno\" target=\"_blank\"  class=\"mkdf-btn mkdf-btn-medium mkdf-btn-solid mkdf-btn-svg-icon\"  >    <span class=\"mkdf-btn-text\">Visitar web<\/span>\t\t\t<svg version=\"1.1\" id=\"Layer_1\" xmlns=\"http:\/\/www.w3.org\/2000\/svg\" xmlns:xlink=\"http:\/\/www.w3.org\/1999\/xlink\" x=\"0px\" y=\"0px\"\t\t     viewBox=\"0 0 17 17\" style=\"enable-background:new 0 0 17 17;\" xml:space=\"preserve\">\t\t\t<g>\t\t\t\t<path d=\"M15,1.9\"\/>\t\t\t\t<line x1=\"1.7\" y1=\"15.3\" x2=\"15\" y2=\"1.9\"\/>\t\t\t\t<line x1=\"16\" y1=\"1.9\" x2=\"15\" y2=\"1.9\"\/>\t\t\t\t<line x1=\"15\" y1=\"1.9\" x2=\"1\" y2=\"1.9\"\/>\t\t\t\t<path d=\"M15,1.9\"\/>\t\t\t\t<line x1=\"15\" y1=\"16\" x2=\"15\" y2=\"1.9\"\/>\t\t\t<\/g><\/svg>\t\t<svg version=\"1.1\" id=\"Layer_1\" xmlns=\"http:\/\/www.w3.org\/2000\/svg\" xmlns:xlink=\"http:\/\/www.w3.org\/1999\/xlink\" x=\"0px\" y=\"0px\"\t\t     viewBox=\"0 0 17 17\" style=\"enable-background:new 0 0 17 17;\" xml:space=\"preserve\">\t\t\t<g>\t\t\t\t<path d=\"M15,1.9\"\/>\t\t\t\t<line x1=\"1.7\" y1=\"15.3\" x2=\"15\" y2=\"1.9\"\/>\t\t\t\t<line  x1=\"16\" y1=\"1.9\" x2=\"15\" y2=\"1.9\"\/>\t\t\t\t<line x1=\"15\" y1=\"1.9\" x2=\"1\" y2=\"1.9\"\/>\t\t\t\t<path d=\"M15,1.9\"\/>\t\t\t\t<line x1=\"15\" y1=\"16\" x2=\"15\" y2=\"1.9\"\/>\t\t\t<\/g><\/svg>\t<\/a><\/div>\n\t\t\t<\/div>\n<\/div>[\/vc_column][vc_column width=\u00bb1\/3&#8243;]<div class=\"mkdf-single-image-holder   mkdf-image-behavior-custom-link\">\n    <div class=\"mkdf-si-inner\" >\n        \t            <a itemprop=\"url\" href=\"https:\/\/www.caminodesantiago.gal\/es\/planifica\/las-rutas\/camino-de-inverno\" target=\"_self\">\n                                    <img loading=\"lazy\" decoding=\"async\" width=\"512\" height=\"341\" src=\"https:\/\/quedaenvaldeorras.com\/wp-content\/uploads\/2022\/11\/xunta.jpg\" class=\"attachment-full size-full\" alt=\"\" \/>                                <\/a>\n            <\/div>\n<\/div>[\/vc_column][\/vc_row][vc_row row_content_width=\u00bbgrid\u00bb css=\u00bb.vc_custom_1668776174279{padding-top: 30px !important;padding-bottom: 30px !important;}\u00bb][vc_column width=\u00bb2\/3&#8243;]<div class=\"mkdf-section-title-holder  \" >\n\t<div class=\"mkdf-st-inner\">\n\t\t\t\t\t\t\t<h3 class=\"mkdf-st-title\" >\n                            Asociaci\u00f3n de Amigos del Camino de Invierno a Santiago por Valdeorras            \t\t\t<\/h3>\n\t\t\t\t\t\t\t<p class=\"mkdf-st-text \" >\n            \t            Y muy importante, si tienes alguna duda que debemos saber sobre el Camino de Invierno a su paso por la comarca de Valdeorras, o necesitas ayuda en tu camino, la Asociaci\u00f3n de Amigos del Camino de Santiago de Invierno por Valdeorras es el contacto que necesitas. .            \t\t\t<\/p>\n\t\t\t\t\t\t\t<div class=\"mkdf-st-button\"><a itemprop=\"url\" href=\"https:\/\/www.caminodeinvierno.es\/\" target=\"_blank\"  class=\"mkdf-btn mkdf-btn-medium mkdf-btn-solid mkdf-btn-svg-icon\"  >    <span class=\"mkdf-btn-text\">Visitar web<\/span>\t\t\t<svg version=\"1.1\" id=\"Layer_1\" xmlns=\"http:\/\/www.w3.org\/2000\/svg\" xmlns:xlink=\"http:\/\/www.w3.org\/1999\/xlink\" x=\"0px\" y=\"0px\"\t\t     viewBox=\"0 0 17 17\" style=\"enable-background:new 0 0 17 17;\" xml:space=\"preserve\">\t\t\t<g>\t\t\t\t<path d=\"M15,1.9\"\/>\t\t\t\t<line x1=\"1.7\" y1=\"15.3\" x2=\"15\" y2=\"1.9\"\/>\t\t\t\t<line x1=\"16\" y1=\"1.9\" x2=\"15\" y2=\"1.9\"\/>\t\t\t\t<line x1=\"15\" y1=\"1.9\" x2=\"1\" y2=\"1.9\"\/>\t\t\t\t<path d=\"M15,1.9\"\/>\t\t\t\t<line x1=\"15\" y1=\"16\" x2=\"15\" y2=\"1.9\"\/>\t\t\t<\/g><\/svg>\t\t<svg version=\"1.1\" id=\"Layer_1\" xmlns=\"http:\/\/www.w3.org\/2000\/svg\" xmlns:xlink=\"http:\/\/www.w3.org\/1999\/xlink\" x=\"0px\" y=\"0px\"\t\t     viewBox=\"0 0 17 17\" style=\"enable-background:new 0 0 17 17;\" xml:space=\"preserve\">\t\t\t<g>\t\t\t\t<path d=\"M15,1.9\"\/>\t\t\t\t<line x1=\"1.7\" y1=\"15.3\" x2=\"15\" y2=\"1.9\"\/>\t\t\t\t<line  x1=\"16\" y1=\"1.9\" x2=\"15\" y2=\"1.9\"\/>\t\t\t\t<line x1=\"15\" y1=\"1.9\" x2=\"1\" y2=\"1.9\"\/>\t\t\t\t<path d=\"M15,1.9\"\/>\t\t\t\t<line x1=\"15\" y1=\"16\" x2=\"15\" y2=\"1.9\"\/>\t\t\t<\/g><\/svg>\t<\/a><\/div>\n\t\t\t<\/div>\n<\/div>[\/vc_column][vc_column width=\u00bb1\/3&#8243;]<div class=\"mkdf-single-image-holder   mkdf-image-behavior-custom-link\">\n    <div class=\"mkdf-si-inner\" >\n        \t            <a itemprop=\"url\" href=\"https:\/\/www.caminodeinvierno.es\/\" target=\"_self\">\n                                    <img loading=\"lazy\" decoding=\"async\" width=\"512\" height=\"341\" src=\"https:\/\/quedaenvaldeorras.com\/wp-content\/uploads\/2022\/11\/amigos-do-camino.gif\" class=\"attachment-full size-full\" alt=\"\" \/>                                <\/a>\n            <\/div>\n<\/div>[\/vc_column][\/vc_row][vc_row row_content_width=\u00bbgrid\u00bb css=\u00bb.vc_custom_1668776174279{padding-top: 30px !important;padding-bottom: 30px !important;}\u00bb][vc_column]<div class=\"mkdf-section-title-holder  \" >\n\t<div class=\"mkdf-st-inner\">\n\t\t\t\t\t\t\t<h3 class=\"mkdf-st-title\" >\n                            Concello de Monforte            \t\t\t<\/h3>\n\t\t\t\t\t\t\t<p class=\"mkdf-st-text \" >\n            \t            Para cualquier duda que puedas necesitar, Monforte tambi\u00e9n dispone de una oficina permanente del peregrino para informarles y atenderles ante cualquier necesidad. La Oficina del Peregrino de Monforte est\u00e1 abierta de lunes a domingo de 9:00 a 14:00 y de 17:00 a 20:00 horas, se encuentra en la Pza. Dr. Goyanes, s\/n - 27400 - Monforte de Lemos (Lugo) y el tel\u00e9fono es 982 87 48 23.            \t\t\t<\/p>\n\t\t\t\t\t<\/div>\n<\/div>[\/vc_column][\/vc_row]<\/p>\n","protected":false},"excerpt":{"rendered":"<p>[vc_row disable_element=\u00bbyes\u00bb row_content_width=\u00bbgrid\u00bb css=\u00bb.vc_custom_1669043285955{padding-top: 120px !important;}\u00bb][vc_column][\/vc_column][\/vc_row][vc_row row_content_width=\u00bbgrid\u00bb css=\u00bb.vc_custom_1669043544095{padding-top: 52px !important;padding-bottom: 30px !important;}\u00bb][vc_column offset=\u00bbvc_col-lg-offset-3 vc_col-lg-6 vc_col-md-offset-2 vc_col-md-8&#8243;][vc_empty_space height=\u00bb22px\u00bb][vc_wp_text] [\/vc_wp_text][vc_raw_html]JTNDaWZyYW1lJTIwd2lkdGglM0QlMjI1NjAlMjIlMjBoZWlnaHQlM0QlMjIzMTUlMjIlMjBzcmMlM0QlMjJodHRwcyUzQSUyRiUyRnd3dy55b3V0dWJlLmNvbSUyRmVtYmVkJTJGRHhfM3paYU5lYVElMjIlMjB0aXRsZSUzRCUyMllvdVR1YmUlMjB2aWRlbyUyMHBsYXllciUyMiUyMGZyYW1lYm9yZGVyJTNEJTIyMCUyMiUyMGFsbG93JTNEJTIyYWNjZWxlcm9tZXRlciUzQiUyMGF1dG9wbGF5JTNCJTIwY2xpcGJvYXJkLXdyaXRlJTNCJTIwZW5jcnlwdGVkLW1lZGlhJTNCJTIwZ3lyb3Njb3BlJTNCJTIwcGljdHVyZS1pbi1waWN0dXJlJTNCJTIwd2ViLXNoYXJlJTIyJTIwYWxsb3dmdWxsc2NyZWVuJTNFJTNDJTJGaWZyYW1lJTNF[\/vc_raw_html][\/vc_column][\/vc_row][vc_row row_content_width=\u00bbgrid\u00bb css=\u00bb.vc_custom_1571404247973{padding-top: 30px !important;background-position: center !important;background-repeat: no-repeat !important;background-size: cover !important;}\u00bb][vc_column][\/vc_column][\/vc_row][vc_row row_content_width=\u00bbgrid\u00bb css=\u00bb.vc_custom_1571404247973{padding-top: 30px !important;background-position: center !important;background-repeat: no-repeat !important;background-size: cover !important;}\u00bb][vc_column][\/vc_column][\/vc_row][vc_row][vc_column][vc_empty_space][vc_separator border_width=\u00bb2&#8243;][vc_empty_space][\/vc_column][\/vc_row][vc_row row_content_width=\u00bbgrid\u00bb css=\u00bb.vc_custom_1668776174279{padding-top: 30px !important;padding-bottom: 30px !important;}\u00bb][vc_column width=\u00bb2\/3&#8243;][\/vc_column][vc_column [&hellip;]<\/p>\n","protected":false},"author":2,"featured_media":4927,"parent":0,"menu_order":0,"comment_status":"closed","ping_status":"closed","template":"full-width.php","meta":{"footnotes":""},"class_list":["post-4932","page","type-page","status-publish","has-post-thumbnail","hentry"],"yoast_head":"<!-- This site is optimized with the Yoast SEO plugin v27.2 - https:\/\/yoast.com\/product\/yoast-seo-wordpress\/ -->\n<title>camino de invierno - Queda en Valdeorras<\/title>\n<meta name=\"robots\" content=\"index, follow, max-snippet:-1, max-image-preview:large, max-video-preview:-1\" \/>\n<link rel=\"canonical\" href=\"https:\/\/quedaenvaldeorras.com\/es\/camino-de-invierno\/\" \/>\n<meta property=\"og:locale\" content=\"es_ES\" \/>\n<meta property=\"og:type\" content=\"article\" \/>\n<meta property=\"og:title\" content=\"camino de invierno - Queda en Valdeorras\" \/>\n<meta property=\"og:description\" content=\"[vc_row disable_element=\u00bbyes\u00bb row_content_width=\u00bbgrid\u00bb css=\u00bb.vc_custom_1669043285955{padding-top: 120px !important;}\u00bb][vc_column][\/vc_column][\/vc_row][vc_row row_content_width=\u00bbgrid\u00bb css=\u00bb.vc_custom_1669043544095{padding-top: 52px !important;padding-bottom: 30px !important;}\u00bb][vc_column offset=\u00bbvc_col-lg-offset-3 vc_col-lg-6 vc_col-md-offset-2 vc_col-md-8&#8243;][vc_empty_space height=\u00bb22px\u00bb][vc_wp_text] [\/vc_wp_text][vc_raw_html]JTNDaWZyYW1lJTIwd2lkdGglM0QlMjI1NjAlMjIlMjBoZWlnaHQlM0QlMjIzMTUlMjIlMjBzcmMlM0QlMjJodHRwcyUzQSUyRiUyRnd3dy55b3V0dWJlLmNvbSUyRmVtYmVkJTJGRHhfM3paYU5lYVElMjIlMjB0aXRsZSUzRCUyMllvdVR1YmUlMjB2aWRlbyUyMHBsYXllciUyMiUyMGZyYW1lYm9yZGVyJTNEJTIyMCUyMiUyMGFsbG93JTNEJTIyYWNjZWxlcm9tZXRlciUzQiUyMGF1dG9wbGF5JTNCJTIwY2xpcGJvYXJkLXdyaXRlJTNCJTIwZW5jcnlwdGVkLW1lZGlhJTNCJTIwZ3lyb3Njb3BlJTNCJTIwcGljdHVyZS1pbi1waWN0dXJlJTNCJTIwd2ViLXNoYXJlJTIyJTIwYWxsb3dmdWxsc2NyZWVuJTNFJTNDJTJGaWZyYW1lJTNF[\/vc_raw_html][\/vc_column][\/vc_row][vc_row row_content_width=\u00bbgrid\u00bb css=\u00bb.vc_custom_1571404247973{padding-top: 30px !important;background-position: center !important;background-repeat: no-repeat !important;background-size: cover !important;}\u00bb][vc_column][\/vc_column][\/vc_row][vc_row row_content_width=\u00bbgrid\u00bb css=\u00bb.vc_custom_1571404247973{padding-top: 30px !important;background-position: center !important;background-repeat: no-repeat !important;background-size: cover !important;}\u00bb][vc_column][\/vc_column][\/vc_row][vc_row][vc_column][vc_empty_space][vc_separator border_width=\u00bb2&#8243;][vc_empty_space][\/vc_column][\/vc_row][vc_row row_content_width=\u00bbgrid\u00bb css=\u00bb.vc_custom_1668776174279{padding-top: 30px !important;padding-bottom: 30px !important;}\u00bb][vc_column width=\u00bb2\/3&#8243;][\/vc_column][vc_column [&hellip;]\" \/>\n<meta property=\"og:url\" content=\"https:\/\/quedaenvaldeorras.com\/es\/camino-de-invierno\/\" \/>\n<meta property=\"og:site_name\" content=\"Queda en Valdeorras\" \/>\n<meta property=\"article:publisher\" content=\"https:\/\/www.facebook.com\/quedaenvaldeorras\/\" \/>\n<meta property=\"article:modified_time\" content=\"2026-03-31T13:37:23+00:00\" \/>\n<meta property=\"og:image\" content=\"https:\/\/quedaenvaldeorras.com\/wp-content\/uploads\/2022\/11\/camino_de_inverno.jpg\" \/>\n\t<meta property=\"og:image:width\" content=\"1300\" \/>\n\t<meta property=\"og:image:height\" content=\"715\" \/>\n\t<meta property=\"og:image:type\" content=\"image\/jpeg\" \/>\n<meta name=\"twitter:card\" content=\"summary_large_image\" \/>\n<script type=\"application\/ld+json\" class=\"yoast-schema-graph\">{\"@context\":\"https:\/\/schema.org\",\"@graph\":[{\"@type\":\"WebPage\",\"@id\":\"https:\/\/quedaenvaldeorras.com\/es\/camino-de-invierno\/\",\"url\":\"https:\/\/quedaenvaldeorras.com\/es\/camino-de-invierno\/\",\"name\":\"camino de invierno - Queda en Valdeorras\",\"isPartOf\":{\"@id\":\"https:\/\/quedaenvaldeorras.com\/#website\"},\"primaryImageOfPage\":{\"@id\":\"https:\/\/quedaenvaldeorras.com\/es\/camino-de-invierno\/#primaryimage\"},\"image\":{\"@id\":\"https:\/\/quedaenvaldeorras.com\/es\/camino-de-invierno\/#primaryimage\"},\"thumbnailUrl\":\"https:\/\/quedaenvaldeorras.com\/wp-content\/uploads\/2022\/11\/camino_de_inverno.jpg\",\"datePublished\":\"2019-10-18T12:45:42+00:00\",\"dateModified\":\"2026-03-31T13:37:23+00:00\",\"breadcrumb\":{\"@id\":\"https:\/\/quedaenvaldeorras.com\/es\/camino-de-invierno\/#breadcrumb\"},\"inLanguage\":\"es\",\"potentialAction\":[{\"@type\":\"ReadAction\",\"target\":[\"https:\/\/quedaenvaldeorras.com\/es\/camino-de-invierno\/\"]}]},{\"@type\":\"ImageObject\",\"inLanguage\":\"es\",\"@id\":\"https:\/\/quedaenvaldeorras.com\/es\/camino-de-invierno\/#primaryimage\",\"url\":\"https:\/\/quedaenvaldeorras.com\/wp-content\/uploads\/2022\/11\/camino_de_inverno.jpg\",\"contentUrl\":\"https:\/\/quedaenvaldeorras.com\/wp-content\/uploads\/2022\/11\/camino_de_inverno.jpg\",\"width\":1300,\"height\":715},{\"@type\":\"BreadcrumbList\",\"@id\":\"https:\/\/quedaenvaldeorras.com\/es\/camino-de-invierno\/#breadcrumb\",\"itemListElement\":[{\"@type\":\"ListItem\",\"position\":1,\"name\":\"Portada\",\"item\":\"https:\/\/quedaenvaldeorras.com\/es\/\"},{\"@type\":\"ListItem\",\"position\":2,\"name\":\"camino de invierno\"}]},{\"@type\":\"WebSite\",\"@id\":\"https:\/\/quedaenvaldeorras.com\/#website\",\"url\":\"https:\/\/quedaenvaldeorras.com\/\",\"name\":\"Queda en Valdeorras\",\"description\":\"Informaci&oacute;n tur&iacute;stica e de servizos sobre a comarca de Valdeorras\",\"publisher\":{\"@id\":\"https:\/\/quedaenvaldeorras.com\/#organization\"},\"potentialAction\":[{\"@type\":\"SearchAction\",\"target\":{\"@type\":\"EntryPoint\",\"urlTemplate\":\"https:\/\/quedaenvaldeorras.com\/?s={search_term_string}\"},\"query-input\":{\"@type\":\"PropertyValueSpecification\",\"valueRequired\":true,\"valueName\":\"search_term_string\"}}],\"inLanguage\":\"es\"},{\"@type\":\"Organization\",\"@id\":\"https:\/\/quedaenvaldeorras.com\/#organization\",\"name\":\"Concello de O Barco\",\"url\":\"https:\/\/quedaenvaldeorras.com\/\",\"logo\":{\"@type\":\"ImageObject\",\"inLanguage\":\"es\",\"@id\":\"https:\/\/quedaenvaldeorras.com\/#\/schema\/logo\/image\/\",\"url\":\"https:\/\/quedaenvaldeorras.com\/wp-content\/uploads\/2021\/11\/Queda-en-Valdeorras.png\",\"contentUrl\":\"https:\/\/quedaenvaldeorras.com\/wp-content\/uploads\/2021\/11\/Queda-en-Valdeorras.png\",\"width\":254,\"height\":198,\"caption\":\"Concello de O Barco\"},\"image\":{\"@id\":\"https:\/\/quedaenvaldeorras.com\/#\/schema\/logo\/image\/\"},\"sameAs\":[\"https:\/\/www.facebook.com\/quedaenvaldeorras\/\",\"https:\/\/www.instagram.com\/quedaenvaldeorras\/\"]}]}<\/script>\n<!-- \/ Yoast SEO plugin. -->","yoast_head_json":{"title":"camino de invierno - Queda en Valdeorras","robots":{"index":"index","follow":"follow","max-snippet":"max-snippet:-1","max-image-preview":"max-image-preview:large","max-video-preview":"max-video-preview:-1"},"canonical":"https:\/\/quedaenvaldeorras.com\/es\/camino-de-invierno\/","og_locale":"es_ES","og_type":"article","og_title":"camino de invierno - Queda en Valdeorras","og_description":"[vc_row disable_element=\u00bbyes\u00bb row_content_width=\u00bbgrid\u00bb css=\u00bb.vc_custom_1669043285955{padding-top: 120px !important;}\u00bb][vc_column][\/vc_column][\/vc_row][vc_row row_content_width=\u00bbgrid\u00bb css=\u00bb.vc_custom_1669043544095{padding-top: 52px !important;padding-bottom: 30px !important;}\u00bb][vc_column offset=\u00bbvc_col-lg-offset-3 vc_col-lg-6 vc_col-md-offset-2 vc_col-md-8&#8243;][vc_empty_space height=\u00bb22px\u00bb][vc_wp_text] [\/vc_wp_text][vc_raw_html]JTNDaWZyYW1lJTIwd2lkdGglM0QlMjI1NjAlMjIlMjBoZWlnaHQlM0QlMjIzMTUlMjIlMjBzcmMlM0QlMjJodHRwcyUzQSUyRiUyRnd3dy55b3V0dWJlLmNvbSUyRmVtYmVkJTJGRHhfM3paYU5lYVElMjIlMjB0aXRsZSUzRCUyMllvdVR1YmUlMjB2aWRlbyUyMHBsYXllciUyMiUyMGZyYW1lYm9yZGVyJTNEJTIyMCUyMiUyMGFsbG93JTNEJTIyYWNjZWxlcm9tZXRlciUzQiUyMGF1dG9wbGF5JTNCJTIwY2xpcGJvYXJkLXdyaXRlJTNCJTIwZW5jcnlwdGVkLW1lZGlhJTNCJTIwZ3lyb3Njb3BlJTNCJTIwcGljdHVyZS1pbi1waWN0dXJlJTNCJTIwd2ViLXNoYXJlJTIyJTIwYWxsb3dmdWxsc2NyZWVuJTNFJTNDJTJGaWZyYW1lJTNF[\/vc_raw_html][\/vc_column][\/vc_row][vc_row row_content_width=\u00bbgrid\u00bb css=\u00bb.vc_custom_1571404247973{padding-top: 30px !important;background-position: center !important;background-repeat: no-repeat !important;background-size: cover !important;}\u00bb][vc_column][\/vc_column][\/vc_row][vc_row row_content_width=\u00bbgrid\u00bb css=\u00bb.vc_custom_1571404247973{padding-top: 30px !important;background-position: center !important;background-repeat: no-repeat !important;background-size: cover !important;}\u00bb][vc_column][\/vc_column][\/vc_row][vc_row][vc_column][vc_empty_space][vc_separator border_width=\u00bb2&#8243;][vc_empty_space][\/vc_column][\/vc_row][vc_row row_content_width=\u00bbgrid\u00bb css=\u00bb.vc_custom_1668776174279{padding-top: 30px !important;padding-bottom: 30px !important;}\u00bb][vc_column width=\u00bb2\/3&#8243;][\/vc_column][vc_column [&hellip;]","og_url":"https:\/\/quedaenvaldeorras.com\/es\/camino-de-invierno\/","og_site_name":"Queda en Valdeorras","article_publisher":"https:\/\/www.facebook.com\/quedaenvaldeorras\/","article_modified_time":"2026-03-31T13:37:23+00:00","og_image":[{"width":1300,"height":715,"url":"https:\/\/quedaenvaldeorras.com\/wp-content\/uploads\/2022\/11\/camino_de_inverno.jpg","type":"image\/jpeg"}],"twitter_card":"summary_large_image","schema":{"@context":"https:\/\/schema.org","@graph":[{"@type":"WebPage","@id":"https:\/\/quedaenvaldeorras.com\/es\/camino-de-invierno\/","url":"https:\/\/quedaenvaldeorras.com\/es\/camino-de-invierno\/","name":"camino de invierno - Queda en Valdeorras","isPartOf":{"@id":"https:\/\/quedaenvaldeorras.com\/#website"},"primaryImageOfPage":{"@id":"https:\/\/quedaenvaldeorras.com\/es\/camino-de-invierno\/#primaryimage"},"image":{"@id":"https:\/\/quedaenvaldeorras.com\/es\/camino-de-invierno\/#primaryimage"},"thumbnailUrl":"https:\/\/quedaenvaldeorras.com\/wp-content\/uploads\/2022\/11\/camino_de_inverno.jpg","datePublished":"2019-10-18T12:45:42+00:00","dateModified":"2026-03-31T13:37:23+00:00","breadcrumb":{"@id":"https:\/\/quedaenvaldeorras.com\/es\/camino-de-invierno\/#breadcrumb"},"inLanguage":"es","potentialAction":[{"@type":"ReadAction","target":["https:\/\/quedaenvaldeorras.com\/es\/camino-de-invierno\/"]}]},{"@type":"ImageObject","inLanguage":"es","@id":"https:\/\/quedaenvaldeorras.com\/es\/camino-de-invierno\/#primaryimage","url":"https:\/\/quedaenvaldeorras.com\/wp-content\/uploads\/2022\/11\/camino_de_inverno.jpg","contentUrl":"https:\/\/quedaenvaldeorras.com\/wp-content\/uploads\/2022\/11\/camino_de_inverno.jpg","width":1300,"height":715},{"@type":"BreadcrumbList","@id":"https:\/\/quedaenvaldeorras.com\/es\/camino-de-invierno\/#breadcrumb","itemListElement":[{"@type":"ListItem","position":1,"name":"Portada","item":"https:\/\/quedaenvaldeorras.com\/es\/"},{"@type":"ListItem","position":2,"name":"camino de invierno"}]},{"@type":"WebSite","@id":"https:\/\/quedaenvaldeorras.com\/#website","url":"https:\/\/quedaenvaldeorras.com\/","name":"Queda en Valdeorras","description":"Informaci&oacute;n tur&iacute;stica e de servizos sobre a comarca de Valdeorras","publisher":{"@id":"https:\/\/quedaenvaldeorras.com\/#organization"},"potentialAction":[{"@type":"SearchAction","target":{"@type":"EntryPoint","urlTemplate":"https:\/\/quedaenvaldeorras.com\/?s={search_term_string}"},"query-input":{"@type":"PropertyValueSpecification","valueRequired":true,"valueName":"search_term_string"}}],"inLanguage":"es"},{"@type":"Organization","@id":"https:\/\/quedaenvaldeorras.com\/#organization","name":"Concello de O Barco","url":"https:\/\/quedaenvaldeorras.com\/","logo":{"@type":"ImageObject","inLanguage":"es","@id":"https:\/\/quedaenvaldeorras.com\/#\/schema\/logo\/image\/","url":"https:\/\/quedaenvaldeorras.com\/wp-content\/uploads\/2021\/11\/Queda-en-Valdeorras.png","contentUrl":"https:\/\/quedaenvaldeorras.com\/wp-content\/uploads\/2021\/11\/Queda-en-Valdeorras.png","width":254,"height":198,"caption":"Concello de O Barco"},"image":{"@id":"https:\/\/quedaenvaldeorras.com\/#\/schema\/logo\/image\/"},"sameAs":["https:\/\/www.facebook.com\/quedaenvaldeorras\/","https:\/\/www.instagram.com\/quedaenvaldeorras\/"]}]}},"_links":{"self":[{"href":"https:\/\/quedaenvaldeorras.com\/es\/wp-json\/wp\/v2\/pages\/4932","targetHints":{"allow":["GET"]}}],"collection":[{"href":"https:\/\/quedaenvaldeorras.com\/es\/wp-json\/wp\/v2\/pages"}],"about":[{"href":"https:\/\/quedaenvaldeorras.com\/es\/wp-json\/wp\/v2\/types\/page"}],"author":[{"embeddable":true,"href":"https:\/\/quedaenvaldeorras.com\/es\/wp-json\/wp\/v2\/users\/2"}],"replies":[{"embeddable":true,"href":"https:\/\/quedaenvaldeorras.com\/es\/wp-json\/wp\/v2\/comments?post=4932"}],"version-history":[{"count":6,"href":"https:\/\/quedaenvaldeorras.com\/es\/wp-json\/wp\/v2\/pages\/4932\/revisions"}],"predecessor-version":[{"id":5008,"href":"https:\/\/quedaenvaldeorras.com\/es\/wp-json\/wp\/v2\/pages\/4932\/revisions\/5008"}],"wp:featuredmedia":[{"embeddable":true,"href":"https:\/\/quedaenvaldeorras.com\/es\/wp-json\/wp\/v2\/media\/4927"}],"wp:attachment":[{"href":"https:\/\/quedaenvaldeorras.com\/es\/wp-json\/wp\/v2\/media?parent=4932"}],"curies":[{"name":"wp","href":"https:\/\/api.w.org\/{rel}","templated":true}]}}